{"id":749,"date":"2021-11-13T19:24:35","date_gmt":"2021-11-13T19:24:35","guid":{"rendered":"http:\/\/gyl.fi\/hvest\/?page_id=749"},"modified":"2025-01-19T12:08:47","modified_gmt":"2025-01-19T12:08:47","slug":"fyrir-fjolmidla","status":"publish","type":"page","link":"https:\/\/hvest.is\/pl\/um-stofnunina\/fyrir-fjolmidla\/","title":{"rendered":"Dla medi\u00f3w"},"content":{"rendered":"<p>W instytucie nie ma specjalnego specjalisty ds. medi\u00f3w i informacji. Og\u00f3lne zapytania ze strony medi\u00f3w nale\u017cy kierowa\u0107 do dyrektora generalnego L\u00fa\u00f0v\u00edka \u00deorgeirssona (<a href=\"mailto:ludvik@hvest.is\">ludvik.thorgeirsson@hvest.is<\/a>; <a href=\"telefon: +3544504500\">450 4500<\/a>) i zast\u0105pi\u0107 Hildi El\u00edsabetu P\u00e9tursd\u00f3ttir, dyrektor ds. piel\u0119gniarstwa (<a href=\"mailto:hildurep@hvest.is\">hildur.e.petursdottir@hvest.is<\/a>; <a href=\"telefon: +3544504500\">450 4500<\/a>).<\/p>\n\n\n\n<div style=\"height:80px\" aria-hidden=\"true\" class=\"wp-block-spacer\"><\/div>\n\n\n\n<div class=\"wp-block-columns alignfull centered-section-100 has-ljosljoskrem-color has-text-color has-background is-layout-flex wp-container-core-columns-is-layout-9d6595d7 wp-block-columns-is-layout-flex\" style=\"background-color:#003c2b\">\n<div class=\"wp-block-column is-layout-flow wp-block-column-is-layout-flow\" style=\"flex-basis:100%\">\n<div class=\"wp-block-columns alignfull centered-section has-white-color has-text-color has-background is-layout-flex wp-container-core-columns-is-layout-9d6595d7 wp-block-columns-is-layout-flex\" style=\"background-color:#003c2b\">\n<div class=\"wp-block-column is-vertically-aligned-center has-ast-global-color-4-color has-ast-global-color-0-background-color has-text-color has-background is-layout-flow wp-block-column-is-layout-flow\">\n<h2 class=\"wp-block-heading has-white-color has-text-color\">Logo i wygl\u0105d organizacji<\/h2>\n\n\n\n<div style=\"height:30px\" aria-hidden=\"true\" class=\"wp-block-spacer\"><\/div>\n\n\n\n<figure class=\"wp-block-image size-large is-style-default\"><img decoding=\"async\" width=\"442\" height=\"92\" src=\"https:\/\/hvest.is\/wp-content\/uploads\/2021\/12\/hvest-logo-white.svg\" alt=\"\" class=\"wp-image-1201\"\/><\/figure>\n\n\n\n<p><\/p>\n<\/div>\n\n\n\n<div class=\"wp-block-column is-layout-flow wp-block-column-is-layout-flow\">\n<p class=\"has-ast-global-color-6-color has-text-color\">Logo organizacji i wygl\u0105d pod innymi wzgl\u0119dami zosta\u0142 zaprojektowany przez grafika Sigga Odds w 2021 roku. <\/p>\n\n\n\n<p>Wygl\u0105d ma odzwierciedla\u0107 warto\u015bci organizacji. Pokazuje osobiste i przyziemne ludzkie ciep\u0142o. Prostota tkwi w prezentacji. Czcionka jest czcionk\u0105 dost\u0119pn\u0105, paleta kolor\u00f3w ciep\u0142a.<\/p>\n\n\n\n<p class=\"has-white-color has-text-color\"><a href=\"https:\/\/hvest.is\/wp-content\/uploads\/2021\/12\/Merki.zip\">Kliknij tutaj, aby pobra\u0107 plik ZIP<\/a> ze wszystkimi wersjami etykiety. <\/p>\n\n\n\n<p><\/p>\n\n\n\n<p><\/p>\n<\/div>\n<\/div>\n\n\n\n<p><\/p>\n<\/div>\n<\/div>\n\n\n\n<div style=\"height:80px\" aria-hidden=\"true\" class=\"wp-block-spacer\"><\/div>\n\n\n\n<h3 class=\"wp-block-heading\">Zdj\u0119cia ankietera<\/h3>\n\n\n\n<div class=\"wp-block-columns has-white-background-color has-background is-layout-flex wp-container-core-columns-is-layout-9d6595d7 wp-block-columns-is-layout-flex\">\n<div class=\"wp-block-column is-layout-flow wp-block-column-is-layout-flow\">\n<figure class=\"wp-block-image size-large\"><a href=\"https:\/\/hvest.is\/wp-content\/uploads\/2022\/08\/Hildur-Elisabet-Petursdottir-2022.jpg\"><img decoding=\"async\" width=\"1024\" height=\"683\" src=\"https:\/\/hvest.is\/wp-content\/uploads\/2022\/08\/Hildur-Elisabet-Petursdottir-2022-1024x683.jpg\" alt=\"\" class=\"wp-image-2901\" style=\"object-fit:cover\" srcset=\"https:\/\/hvest.is\/wp-content\/uploads\/2022\/08\/Hildur-Elisabet-Petursdottir-2022-200x133.jpg 200w, https:\/\/hvest.is\/wp-content\/uploads\/2022\/08\/Hildur-Elisabet-Petursdottir-2022-300x200.jpg 300w, https:\/\/hvest.is\/wp-content\/uploads\/2022\/08\/Hildur-Elisabet-Petursdottir-2022-400x267.jpg 400w, https:\/\/hvest.is\/wp-content\/uploads\/2022\/08\/Hildur-Elisabet-Petursdottir-2022-600x400.jpg 600w, https:\/\/hvest.is\/wp-content\/uploads\/2022\/08\/Hildur-Elisabet-Petursdottir-2022-768x512.jpg 768w, https:\/\/hvest.is\/wp-content\/uploads\/2022\/08\/Hildur-Elisabet-Petursdottir-2022-800x534.jpg 800w, https:\/\/hvest.is\/wp-content\/uploads\/2022\/08\/Hildur-Elisabet-Petursdottir-2022-1024x683.jpg 1024w, https:\/\/hvest.is\/wp-content\/uploads\/2022\/08\/Hildur-Elisabet-Petursdottir-2022-1200x800.jpg 1200w, https:\/\/hvest.is\/wp-content\/uploads\/2022\/08\/Hildur-Elisabet-Petursdottir-2022-1536x1025.jpg 1536w\" sizes=\"(max-width: 1024px) 100vw, 1024px\" \/><\/a><figcaption class=\"wp-element-caption\"> Hildur El\u00edsabet P\u00e9tursd\u00f3ttir, kierownik piel\u0119gniarstwa<\/figcaption><\/figure>\n\n\n\n<div class=\"wp-block-buttons is-horizontal is-content-justification-left is-layout-flex wp-container-core-buttons-is-layout-7e5fce0a wp-block-buttons-is-layout-flex\">\n<div class=\"wp-block-button\"><a class=\"wp-block-button__link has-ast-global-color-6-color has-ast-global-color-0-background-color has-text-color has-background wp-element-button\" href=\"https:\/\/hvest.is\/wp-content\/uploads\/2022\/08\/Hildur-Elisabet-Petursdottir-2022.jpg\" style=\"border-radius:10px\">\u015aci\u0105gnij<\/a><\/div>\n<\/div>\n<\/div>\n\n\n\n<div class=\"wp-block-column is-layout-flow wp-block-column-is-layout-flow\">\n<figure class=\"wp-block-image\"><a href=\"https:\/\/hvest.is\/wp-content\/uploads\/2024\/05\/Ludvik-Thorgeirsson-2024.jpg\"><img decoding=\"async\" width=\"1024\" height=\"683\" src=\"https:\/\/hvest.is\/wp-content\/uploads\/2024\/05\/Ludvik-Thorgeirsson-2024-1024x683.jpg\" alt=\"\" class=\"wp-image-3708\" style=\"object-fit:cover\" srcset=\"https:\/\/hvest.is\/wp-content\/uploads\/2024\/05\/Ludvik-Thorgeirsson-2024-18x12.jpg 18w, https:\/\/hvest.is\/wp-content\/uploads\/2024\/05\/Ludvik-Thorgeirsson-2024-200x133.jpg 200w, https:\/\/hvest.is\/wp-content\/uploads\/2024\/05\/Ludvik-Thorgeirsson-2024-300x200.jpg 300w, https:\/\/hvest.is\/wp-content\/uploads\/2024\/05\/Ludvik-Thorgeirsson-2024-400x267.jpg 400w, https:\/\/hvest.is\/wp-content\/uploads\/2024\/05\/Ludvik-Thorgeirsson-2024-600x400.jpg 600w, https:\/\/hvest.is\/wp-content\/uploads\/2024\/05\/Ludvik-Thorgeirsson-2024-768x512.jpg 768w, https:\/\/hvest.is\/wp-content\/uploads\/2024\/05\/Ludvik-Thorgeirsson-2024-800x534.jpg 800w, https:\/\/hvest.is\/wp-content\/uploads\/2024\/05\/Ludvik-Thorgeirsson-2024-1024x683.jpg 1024w, https:\/\/hvest.is\/wp-content\/uploads\/2024\/05\/Ludvik-Thorgeirsson-2024-1200x800.jpg 1200w, https:\/\/hvest.is\/wp-content\/uploads\/2024\/05\/Ludvik-Thorgeirsson-2024-1536x1025.jpg 1536w\" sizes=\"(max-width: 1024px) 100vw, 1024px\" \/><\/a><figcaption class=\"wp-element-caption\">L\u00fa\u00f0v\u00edk \u00deorgeirsson Dyrektor generalny<\/figcaption><\/figure>\n\n\n\n<div class=\"wp-block-buttons is-layout-flex wp-block-buttons-is-layout-flex\">\n<div class=\"wp-block-button\"><a class=\"wp-block-button__link wp-element-button\" href=\"https:\/\/hvest.is\/wp-content\/uploads\/2024\/05\/Ludvik-Thorgeirsson-2024.jpg\" style=\"border-radius:10px\">\u015aci\u0105gnij<\/a><\/div>\n<\/div>\n<\/div>\n\n\n\n<div class=\"wp-block-column is-layout-flow wp-block-column-is-layout-flow\">\n<div class=\"wp-block-buttons is-horizontal is-content-justification-left is-layout-flex wp-container-core-buttons-is-layout-7e5fce0a wp-block-buttons-is-layout-flex\"><\/div>\n<\/div>\n<\/div>\n\n\n\n<div style=\"height:40px\" aria-hidden=\"true\" class=\"wp-block-spacer\"><\/div>\n\n\n\n<h3 class=\"wp-block-heading\">Zdj\u0119cia mieszka\u0144<\/h3>\n\n\n\n<div class=\"wp-block-media-text is-stacked-on-mobile is-vertically-aligned-top has-white-background-color has-background\"><figure class=\"wp-block-media-text__media\"><img decoding=\"async\" width=\"300\" height=\"169\" src=\"https:\/\/hvest.is\/wp-content\/uploads\/2021\/11\/Isafjordur-sumar-2018-300x169.jpg\" alt=\"\" class=\"wp-image-750 size-medium\" srcset=\"https:\/\/hvest.is\/wp-content\/uploads\/2021\/11\/Isafjordur-sumar-2018-300x169.jpg 300w, https:\/\/hvest.is\/wp-content\/uploads\/2021\/11\/Isafjordur-sumar-2018-768x431.jpg 768w, https:\/\/hvest.is\/wp-content\/uploads\/2021\/11\/Isafjordur-sumar-2018-1024x575.jpg 1024w, https:\/\/hvest.is\/wp-content\/uploads\/2021\/11\/Isafjordur-sumar-2018-1536x863.jpg 1536w\" sizes=\"(max-width: 300px) 100vw, 300px\" \/><\/figure><div class=\"wp-block-media-text__content\">\n<p>Szpital w \u00cdsafj\u00f6r\u00f0ur w tle i dom opieki Eyri na pierwszym planie. Zdj\u0119cie zrobione latem 2018 roku.<\/p>\n\n\n\n<p>Autor: \u00c1sgeir Helgi \u00derastarson<\/p>\n\n\n\n<div class=\"wp-block-buttons is-horizontal is-content-justification-left is-layout-flex wp-container-core-buttons-is-layout-7e5fce0a wp-block-buttons-is-layout-flex\">\n<div class=\"wp-block-button\"><a class=\"wp-block-button__link has-ast-global-color-6-color has-ast-global-color-0-background-color has-text-color has-background wp-element-button\" href=\"https:\/\/hvest.is\/wp-content\/uploads\/2021\/11\/Isafjordur-sumar-2018.jpg\" style=\"border-radius:10px\">\u015aci\u0105gnij<\/a><\/div>\n<\/div>\n<\/div><\/div>\n\n\n\n<div style=\"height:20px\" aria-hidden=\"true\" class=\"wp-block-spacer\"><\/div>\n\n\n\n<div class=\"wp-block-media-text is-stacked-on-mobile is-vertically-aligned-top has-white-background-color has-background\"><figure class=\"wp-block-media-text__media\"><img decoding=\"async\" width=\"300\" height=\"225\" src=\"https:\/\/hvest.is\/wp-content\/uploads\/2021\/11\/Patreksfjordur-2020-2-300x225.jpg\" alt=\"\" class=\"wp-image-751 size-medium\" srcset=\"https:\/\/hvest.is\/wp-content\/uploads\/2021\/11\/Patreksfjordur-2020-2-300x225.jpg 300w, https:\/\/hvest.is\/wp-content\/uploads\/2021\/11\/Patreksfjordur-2020-2-768x576.jpg 768w, https:\/\/hvest.is\/wp-content\/uploads\/2021\/11\/Patreksfjordur-2020-2-1024x768.jpg 1024w, https:\/\/hvest.is\/wp-content\/uploads\/2021\/11\/Patreksfjordur-2020-2-1536x1152.jpg 1536w\" sizes=\"(max-width: 300px) 100vw, 300px\" \/><\/figure><div class=\"wp-block-media-text__content\">\n<p>Szpital i opieka zdrowotna w Patreksfj\u00f6r\u00f0ur jesie\u0144 2020<\/p>\n\n\n\n<p>Autor: Ger\u00f0ur R\u00e1n Freysd\u00f3ttir<\/p>\n\n\n\n<div class=\"wp-block-buttons is-horizontal is-content-justification-left is-layout-flex wp-container-core-buttons-is-layout-7e5fce0a wp-block-buttons-is-layout-flex\">\n<div class=\"wp-block-button\"><a class=\"wp-block-button__link has-ast-global-color-6-color has-ast-global-color-0-background-color has-text-color has-background wp-element-button\" href=\"https:\/\/hvest.is\/wp-content\/uploads\/2021\/11\/Patreksfjordur-2020-2.jpg\" style=\"border-radius:10px\">\u015aci\u0105gnij<\/a><\/div>\n<\/div>\n<\/div><\/div>\n\n\n\n<div style=\"height:20px\" aria-hidden=\"true\" class=\"wp-block-spacer\"><\/div>\n\n\n\n<div class=\"wp-block-media-text is-stacked-on-mobile is-vertically-aligned-top has-white-background-color has-background\"><figure class=\"wp-block-media-text__media\"><img decoding=\"async\" width=\"300\" height=\"168\" src=\"https:\/\/hvest.is\/wp-content\/uploads\/2021\/12\/DJI_0804-edited-300x168.jpg\" alt=\"\" class=\"wp-image-1088 size-medium\" srcset=\"https:\/\/hvest.is\/wp-content\/uploads\/2021\/12\/DJI_0804-edited-300x168.jpg 300w, https:\/\/hvest.is\/wp-content\/uploads\/2021\/12\/DJI_0804-edited-768x431.jpg 768w, https:\/\/hvest.is\/wp-content\/uploads\/2021\/12\/DJI_0804-edited-1024x575.jpg 1024w, https:\/\/hvest.is\/wp-content\/uploads\/2021\/12\/DJI_0804-edited-1536x862.jpg 1536w\" sizes=\"(max-width: 300px) 100vw, 300px\" \/><\/figure><div class=\"wp-block-media-text__content\">\n<p>Dom opieki Berg w Bolungarv\u00edk<\/p>\n\n\n\n<p>Autor: \u00c1sgeir Thrasterson<\/p>\n\n\n\n<div class=\"wp-block-buttons is-horizontal is-content-justification-left is-layout-flex wp-container-core-buttons-is-layout-7e5fce0a wp-block-buttons-is-layout-flex\">\n<div class=\"wp-block-button\"><a class=\"wp-block-button__link has-ast-global-color-6-color has-ast-global-color-0-background-color has-text-color has-background wp-element-button\" href=\"https:\/\/hvest.is\/wp-content\/uploads\/2021\/12\/DJI_0804-edited-scaled.jpg\" style=\"border-radius:10px\">\u015aci\u0105gnij<\/a><\/div>\n<\/div>\n<\/div><\/div>\n\n\n\n<div style=\"height:40px\" aria-hidden=\"true\" class=\"wp-block-spacer\"><\/div>","protected":false},"excerpt":{"rendered":"<p>W instytucie nie ma specjalnego specjalisty ds. medi\u00f3w i informacji. Og\u00f3lne zapytania ze strony medi\u00f3w nale\u017cy kierowa\u0107 do dyrektora L\u00fa\u00f0v\u00edka \u00deorgeirssona (ludvik@hvest.is; 450 4500) oraz do Hildy El\u00edsabetu P\u00e9tursd\u00f3ttir, dyrektora ds. piel\u0119gniarstwa (hildurep@hvest.is; 450 4500). [\u2026] <a href=\"https:\/\/hvest.is\/pl\/um-stofnunina\/fyrir-fjolmidla\/\">Wi\u0119cej &gt;<\/a><\/p>","protected":false},"author":1,"featured_media":0,"parent":11,"menu_order":20,"comment_status":"closed","ping_status":"closed","template":"","meta":{"_lmt_disableupdate":"no","_lmt_disable":"no","cybocfi_hide_featured_image":"","footnotes":""},"class_list":["post-749","page","type-page","status-publish","hentry"],"_links":{"self":[{"href":"https:\/\/hvest.is\/pl\/wp-json\/wp\/v2\/pages\/749","targetHints":{"allow":["GET"]}}],"collection":[{"href":"https:\/\/hvest.is\/pl\/wp-json\/wp\/v2\/pages"}],"about":[{"href":"https:\/\/hvest.is\/pl\/wp-json\/wp\/v2\/types\/page"}],"author":[{"embeddable":true,"href":"https:\/\/hvest.is\/pl\/wp-json\/wp\/v2\/users\/1"}],"replies":[{"embeddable":true,"href":"https:\/\/hvest.is\/pl\/wp-json\/wp\/v2\/comments?post=749"}],"version-history":[{"count":0,"href":"https:\/\/hvest.is\/pl\/wp-json\/wp\/v2\/pages\/749\/revisions"}],"up":[{"embeddable":true,"href":"https:\/\/hvest.is\/pl\/wp-json\/wp\/v2\/pages\/11"}],"wp:attachment":[{"href":"https:\/\/hvest.is\/pl\/wp-json\/wp\/v2\/media?parent=749"}],"curies":[{"name":"wp","href":"https:\/\/api.w.org\/{rel}","templated":true}]}}