{"id":3721,"date":"2024-05-24T11:05:16","date_gmt":"2024-05-24T11:05:16","guid":{"rendered":"https:\/\/hvest.is\/?page_id=3721"},"modified":"2024-05-24T15:06:41","modified_gmt":"2024-05-24T15:06:41","slug":"arsskyrsla-2023","status":"publish","type":"page","link":"https:\/\/hvest.is\/en\/arsskyrsla-2023\/","title":{"rendered":"Annual report 2023"},"content":{"rendered":"<h3 class=\"wp-block-heading\"><br>Address of the appointed CEO Hilda El\u00edsabetar P\u00e9tursd\u00f3ttir<\/h3>\n\n\n\n<div class=\"wp-block-columns is-layout-flex wp-container-core-columns-is-layout-9d6595d7 wp-block-columns-is-layout-flex\">\n<div class=\"wp-block-column is-layout-flow wp-block-column-is-layout-flow\">\n<blockquote class=\"wp-block-quote is-layout-flow wp-block-quote-is-layout-flow\">\n<p>The year 2023, like the previous year, was eventful at the Vestfj\u00f6r\u00f0ur Health Institute.<\/p>\n\n\n\n<p>Most notably, Gylfi \u00d3lafsson, who had been CEO since 2018, resigned and left in October. I was appointed director by letter from the minister from October 16 until a new director was appointed, who started work on March 1, 2024.<\/p>\n\n\n\n<p>The staffing issues took up a lot of space, as in previous years. In particular, it was among nurses and doctors, but some stability among other professions.<br>As before, the organization&#039;s finances are a major challenge, but ways are constantly being sought to achieve efficiency in operations through increased restraint, increased cost awareness and technological innovations. Before the budget increase law and other transfers came into being, the operation was headed for a deficit of more than 300 million ISK. Such additional funding that comes in is based on the understanding and goodwill of the government is important to maintain the services that are required by law. As has been the case in recent years, a large part of the deficit can be attributed to the underfunding of nursing homes.<\/p>\n\n\n\n<p>The Vestfj\u00f6r\u00f0ur Health Institute is extremely fortunate when it comes to the community&#039;s kindness towards it. Many gifts were given to the organization, both large and small in the form of tools, equipment and monetary donations. Enjoying such kindness from individuals, companies, non-profit organizations and society as a whole is invaluable to the profession. We thank everyone from the bottom of our hearts for the gifts and the warmth behind it.<\/p>\n\n\n\n<p>Taking over the reel for a few months was learning, challenging and fun at the same time. It was interesting to look at the operation of the Vestfj\u00f6r\u00f0ur Health Institute from a different perspective than I had previously done in my work as a professional manager. But what stands out is the great human resources that the organization possesses, the work ethic, the cohesion and the affection towards the organization and its well-being as well as the society as a whole. <\/p>\n\n\n\n<p><em>Hildur El\u00edsabet P\u00e9tursd\u00f3ttir, appointed CEO<\/em><\/p>\n<\/blockquote>\n<\/div>\n\n\n\n<div class=\"wp-block-column is-layout-flow wp-block-column-is-layout-flow\">\n<figure class=\"wp-block-image size-large\"><img decoding=\"async\" width=\"1024\" height=\"683\" src=\"https:\/\/hvest.is\/wp-content\/uploads\/2022\/08\/Hildur-Elisabet-Petursdottir-2022-1024x683.jpg\" alt=\"\" class=\"wp-image-2901\" srcset=\"https:\/\/hvest.is\/wp-content\/uploads\/2022\/08\/Hildur-Elisabet-Petursdottir-2022-200x133.jpg 200w, https:\/\/hvest.is\/wp-content\/uploads\/2022\/08\/Hildur-Elisabet-Petursdottir-2022-300x200.jpg 300w, https:\/\/hvest.is\/wp-content\/uploads\/2022\/08\/Hildur-Elisabet-Petursdottir-2022-400x267.jpg 400w, https:\/\/hvest.is\/wp-content\/uploads\/2022\/08\/Hildur-Elisabet-Petursdottir-2022-600x400.jpg 600w, https:\/\/hvest.is\/wp-content\/uploads\/2022\/08\/Hildur-Elisabet-Petursdottir-2022-768x512.jpg 768w, https:\/\/hvest.is\/wp-content\/uploads\/2022\/08\/Hildur-Elisabet-Petursdottir-2022-800x534.jpg 800w, https:\/\/hvest.is\/wp-content\/uploads\/2022\/08\/Hildur-Elisabet-Petursdottir-2022-1024x683.jpg 1024w, https:\/\/hvest.is\/wp-content\/uploads\/2022\/08\/Hildur-Elisabet-Petursdottir-2022-1200x800.jpg 1200w, https:\/\/hvest.is\/wp-content\/uploads\/2022\/08\/Hildur-Elisabet-Petursdottir-2022-1536x1025.jpg 1536w\" sizes=\"(max-width: 1024px) 100vw, 1024px\" \/><figcaption class=\"wp-element-caption\">Hildur El\u00edsabet P\u00e9tursd\u00f3ttir appointed CEO from October 2023 to March 1, 2024<\/figcaption><\/figure>\n<\/div>\n<\/div>\n\n\n\n<h3 class=\"wp-block-heading\">CEO change<\/h3>\n\n\n\n<div class=\"wp-block-columns is-layout-flex wp-container-core-columns-is-layout-9d6595d7 wp-block-columns-is-layout-flex\">\n<div class=\"wp-block-column is-layout-flow wp-block-column-is-layout-flow\" style=\"flex-basis:33.33%\">\n<figure class=\"wp-block-image size-large\"><img decoding=\"async\" width=\"1024\" height=\"1024\" src=\"https:\/\/hvest.is\/wp-content\/uploads\/2023\/03\/A9_0033-edited-1024x1024.jpg\" alt=\"\" class=\"wp-image-3192\" srcset=\"https:\/\/hvest.is\/wp-content\/uploads\/2023\/03\/A9_0033-edited-12x12.jpg 12w, https:\/\/hvest.is\/wp-content\/uploads\/2023\/03\/A9_0033-edited-66x66.jpg 66w, https:\/\/hvest.is\/wp-content\/uploads\/2023\/03\/A9_0033-edited-150x150.jpg 150w, https:\/\/hvest.is\/wp-content\/uploads\/2023\/03\/A9_0033-edited-200x200.jpg 200w, https:\/\/hvest.is\/wp-content\/uploads\/2023\/03\/A9_0033-edited-300x300.jpg 300w, https:\/\/hvest.is\/wp-content\/uploads\/2023\/03\/A9_0033-edited-400x400.jpg 400w, https:\/\/hvest.is\/wp-content\/uploads\/2023\/03\/A9_0033-edited-600x600.jpg 600w, https:\/\/hvest.is\/wp-content\/uploads\/2023\/03\/A9_0033-edited-768x767.jpg 768w, https:\/\/hvest.is\/wp-content\/uploads\/2023\/03\/A9_0033-edited-800x799.jpg 800w, https:\/\/hvest.is\/wp-content\/uploads\/2023\/03\/A9_0033-edited-1024x1024.jpg 1024w, https:\/\/hvest.is\/wp-content\/uploads\/2023\/03\/A9_0033-edited-1200x1199.jpg 1200w, https:\/\/hvest.is\/wp-content\/uploads\/2023\/03\/A9_0033-edited.jpg 1366w\" sizes=\"(max-width: 1024px) 100vw, 1024px\" \/><\/figure>\n<\/div>\n\n\n\n<div class=\"wp-block-column is-layout-flow wp-block-column-is-layout-flow\" style=\"flex-basis:66.66%\">\n<p>Gylfi \u00d3lafsson, who had been the director of the Vestfj\u00f6r\u00f0ur Health Foundation since July 2018, and thus ended his five-year term in 2023, sent a letter to the Minister of Health requesting his resignation. Hildur El\u00edsabet P\u00e9tursd\u00f3ttir, director of nursing, was appointed director from October 16, 2023 to March 1, 2024, and Rannveig Bj\u00f6rnsd\u00f3ttir, head of the hospital department, was director of nursing until a new director was appointed. Gylfi was a successful manager and well liked by all the staff. Gylfi said in his farewell letters:<\/p>\n<\/div>\n<\/div>\n\n\n\n<blockquote class=\"wp-block-quote is-layout-flow wp-block-quote-is-layout-flow\">\n<p>&quot;The time at the institute has been extremely fun and educational. I have been well received by everyone inside and outside the organization, including at the beginning when I started working rather young and with little experience in the health system and management.<\/p>\n\n\n\n<p>A lot has been achieved in the last five years. The results of a survey about the institution of the year have been the highest for us for two years in a row, when compared with sister institutions, but the institution was the lowest in this comparison in 2018. We have made considerable changes to unite the institution into a single entity, making communication within the institution more efficient , put into use numerous computer systems, set up a psychiatric team, bought three large imaging devices and renovated surgery and accident rooms, trained field staff, took a firmer grip on document handling, reissued annual reports and held annual meetings, implemented equal pay certification and personal protection, implemented a new look and made other internal changes that are too long to trace. Then the response to the covid epidemic marks a deep mark in the history of the last five years.<br>Of course, not everything has gone as planned. The institution has been running at a significant deficit, housing could be better, and staffing is a constant challenge, especially on the medical staff.<\/p>\n\n\n\n<p>The main point, however, is this: The real goal of the organization&#039;s operation is to provide diverse and quality health care, and it has succeeded. Health care has provided more and faster services. The maternity and surgical services are intact even though the boat has been hit and the conditions are often difficult. The staff is great.<\/p>\n<\/blockquote>\n\n\n\n<p>Minister of Health <a href=\"https:\/\/www.stjornarradid.is\/efst-a-baugi\/frettir\/stok-frett\/2024\/03\/04\/Nyir-forstjorar-teknir-til-starfa-vid-heilbrigdisstofnanir-Sudurnesja-og-Vestfjarda\/\">ordered<\/a> L\u00fa\u00f0v\u00edk \u00deorgeirsson CEO for five years from March 1, 2024. <\/p>\n\n\n\n<figure class=\"wp-block-image size-large is-resized\"><img decoding=\"async\" width=\"1024\" height=\"683\" src=\"https:\/\/hvest.is\/wp-content\/uploads\/2024\/05\/Ludvik-Thorgeirsson-2024-1024x683.jpg\" alt=\"\" class=\"wp-image-3708\" style=\"width:408px;height:auto\" srcset=\"https:\/\/hvest.is\/wp-content\/uploads\/2024\/05\/Ludvik-Thorgeirsson-2024-18x12.jpg 18w, https:\/\/hvest.is\/wp-content\/uploads\/2024\/05\/Ludvik-Thorgeirsson-2024-200x133.jpg 200w, https:\/\/hvest.is\/wp-content\/uploads\/2024\/05\/Ludvik-Thorgeirsson-2024-300x200.jpg 300w, https:\/\/hvest.is\/wp-content\/uploads\/2024\/05\/Ludvik-Thorgeirsson-2024-400x267.jpg 400w, https:\/\/hvest.is\/wp-content\/uploads\/2024\/05\/Ludvik-Thorgeirsson-2024-600x400.jpg 600w, https:\/\/hvest.is\/wp-content\/uploads\/2024\/05\/Ludvik-Thorgeirsson-2024-768x512.jpg 768w, https:\/\/hvest.is\/wp-content\/uploads\/2024\/05\/Ludvik-Thorgeirsson-2024-800x534.jpg 800w, https:\/\/hvest.is\/wp-content\/uploads\/2024\/05\/Ludvik-Thorgeirsson-2024-1024x683.jpg 1024w, https:\/\/hvest.is\/wp-content\/uploads\/2024\/05\/Ludvik-Thorgeirsson-2024-1200x800.jpg 1200w, https:\/\/hvest.is\/wp-content\/uploads\/2024\/05\/Ludvik-Thorgeirsson-2024-1536x1025.jpg 1536w\" sizes=\"(max-width: 1024px) 100vw, 1024px\" \/><\/figure>\n\n\n\n<h3 class=\"wp-block-heading\">Annual report 2023<\/h3>\n\n\n\n<p>The results for the year were headed for a deficit of over 300 million ISK, which is about 8% of turnover. This deficit can primarily be attributed to underfunding in the nursing field. With additional funding, the situation was turned around and the year ended with a positive result of ISK 58.6 million. Fees increased between years by 374 million or over 10%. At the same time, income increased a little more or about 412 million ISK or 11%. Inflation in 2023 was almost 9% on average.<\/p>\n\n\n\n<figure class=\"wp-block-image size-full is-resized\"><img decoding=\"async\" width=\"940\" height=\"712\" src=\"https:\/\/hvest.is\/wp-content\/uploads\/2024\/05\/image-1.png\" alt=\"\" class=\"wp-image-3727\" style=\"width:696px;height:auto\" srcset=\"https:\/\/hvest.is\/wp-content\/uploads\/2024\/05\/image-1-16x12.png 16w, https:\/\/hvest.is\/wp-content\/uploads\/2024\/05\/image-1-200x151.png 200w, https:\/\/hvest.is\/wp-content\/uploads\/2024\/05\/image-1-300x227.png 300w, https:\/\/hvest.is\/wp-content\/uploads\/2024\/05\/image-1-400x303.png 400w, https:\/\/hvest.is\/wp-content\/uploads\/2024\/05\/image-1-600x454.png 600w, https:\/\/hvest.is\/wp-content\/uploads\/2024\/05\/image-1-768x582.png 768w, https:\/\/hvest.is\/wp-content\/uploads\/2024\/05\/image-1-800x606.png 800w, https:\/\/hvest.is\/wp-content\/uploads\/2024\/05\/image-1.png 940w\" sizes=\"(max-width: 940px) 100vw, 940px\" \/><\/figure>\n\n\n\n<p>The weight of labor costs was 70.7% and labor costs increased by 217 million between years or by 8.4%. The average number of full-time positions is 226.7. The weight of other operating expenses was 28% and increased by 152 million or 16%. The increase can primarily be attributed to product purchases, travel and accommodation costs due to replacements, and specialist services. The year&#039;s investments amounted to 117 million.<br><em>El\u00edsabet Sam\u00faelsd\u00f3ttir CFO.<\/em><\/p>\n\n\n\n<h3 class=\"wp-block-heading\">Good to grow old<\/h3>\n\n\n\n<p>The Vestfj\u00f6r\u00f0ur Health Institute together with five local authorities, Bolungarv\u00edkurkaupsta\u00f0, \u00cdsafj\u00f6r\u00f0arb\u00e6r, S\u00fa\u00f0av\u00edkurhrepp, T\u00e1lknafj\u00f6r\u00f0ur and Vesturbygg\u00f0 will participate in a development project that aims to integrate social and health services for elderly people in their homes. The Ministry of Social Affairs and the Labor Market and the Ministry of Health advertised this summer for such cooperation with local authorities and health institutions. There was a lot of interest and a total of 19 applications were received. A total of 22 municipalities and six health institutions across the country are participating in the project, which is divided into six regions.<\/p>\n\n\n\n<p>The development projects are part of the action plan Getting older, but tempt the government to better integrate state and local government services with older people in a new way.<\/p>\n\n\n\n<h3 class=\"wp-block-heading\">New nursing director at Patreksfj\u00f6r\u00f0ur<\/h3>\n\n\n\n<div class=\"wp-block-columns is-layout-flex wp-container-core-columns-is-layout-9d6595d7 wp-block-columns-is-layout-flex\">\n<div class=\"wp-block-column is-layout-flow wp-block-column-is-layout-flow\" style=\"flex-basis:66.66%\">\n<p>A new nursing director started working at Patreksfj\u00f6r\u00f0ur in May. Ger\u00f0ur R\u00e1n Freysd\u00f3ttir flew south and Hrafnhildur \u00d3l\u00f6f \u00d3lafsd\u00f3ttir took over. Hrafnhildur is a nurse and came to the organization after working as head of the department for the homeless in Reykjav\u00edk. She has diverse experience working in the health and welfare system.<\/p>\n<\/div>\n\n\n\n<div class=\"wp-block-column is-layout-flow wp-block-column-is-layout-flow\" style=\"flex-basis:33.33%\">\n<figure class=\"wp-block-image size-full is-resized\"><img decoding=\"async\" width=\"741\" height=\"741\" src=\"https:\/\/hvest.is\/wp-content\/uploads\/2023\/09\/377115262_854549596047875_944175093884305048_n.jpg\" alt=\"\" class=\"wp-image-3445\" style=\"width:318px;height:auto\" srcset=\"https:\/\/hvest.is\/wp-content\/uploads\/2023\/09\/377115262_854549596047875_944175093884305048_n-12x12.jpg 12w, https:\/\/hvest.is\/wp-content\/uploads\/2023\/09\/377115262_854549596047875_944175093884305048_n-66x66.jpg 66w, https:\/\/hvest.is\/wp-content\/uploads\/2023\/09\/377115262_854549596047875_944175093884305048_n-150x150.jpg 150w, https:\/\/hvest.is\/wp-content\/uploads\/2023\/09\/377115262_854549596047875_944175093884305048_n-200x200.jpg 200w, https:\/\/hvest.is\/wp-content\/uploads\/2023\/09\/377115262_854549596047875_944175093884305048_n-300x300.jpg 300w, https:\/\/hvest.is\/wp-content\/uploads\/2023\/09\/377115262_854549596047875_944175093884305048_n-400x400.jpg 400w, https:\/\/hvest.is\/wp-content\/uploads\/2023\/09\/377115262_854549596047875_944175093884305048_n-600x600.jpg 600w, https:\/\/hvest.is\/wp-content\/uploads\/2023\/09\/377115262_854549596047875_944175093884305048_n.jpg 741w\" sizes=\"(max-width: 741px) 100vw, 741px\" \/><\/figure>\n<\/div>\n<\/div>\n\n\n\n<h3 class=\"wp-block-heading\">Changes to the cleaning system<\/h3>\n\n\n\n<p>Cleaning is handled by the organization&#039;s staff at all establishments outside \u00cdsafj\u00f6r\u00f0ur. The company Massi thrif has done part of the cleaning on \u00cdsafj\u00f6r\u00f0ur under a contract that goes back to the turn of the century. There was reason to review the arrangements that had been made, and the contract with Massa cleaning was therefore terminated in the month of 2023 with the effective date of termination on August 31. Subsequently, cleaning in the main building and Eyri were tendered together, in accordance with the law on public procurement. Government procurement assisted in the preparation of the tender. One offer was received, from S\u00f3lar. It met all the conditions of the tender and was considerably below the organization&#039;s budget. At that time, the company already performed sanitary cleaning for, among others, Landsp\u00edtala Fossvogi and numerous nursing homes.<\/p>\n\n\n\n<p>S\u00f3lar took over the cleaning on October 1. The cleaning department in the previous form was closed down and the change was well presented in time to the staff and representatives of the Vestfj\u00f6r\u00f0ur Trade Union. The division&#039;s staff were all invited to relocate for work, and the human resources manager managed solutions that suited each of them.<\/p>\n\n\n\n<h3 class=\"wp-block-heading\">A new CT scanner<\/h3>\n\n\n\n<div class=\"wp-block-columns is-layout-flex wp-container-core-columns-is-layout-9d6595d7 wp-block-columns-is-layout-flex\">\n<div class=\"wp-block-column is-layout-flow wp-block-column-is-layout-flow\">\n<p>A new CT scanner was put into use in May. The old device had been in use at the institute for well over a decade, and over a thousand CT scans were taken on it a year. In 2022, a condition was received from the government to start a needs analysis and a tender process for the purchase of a new device. Heil\u00edr\u00ed\u00f0sstofnun Vestfjar\u00f0a and the Hospital in Akureyri jointly led a large tender for CT scanners that will be installed in several locations in the country. GE&#039;s Revolution Ascend model was both the cheapest and the best.<\/p>\n\n\n\n<p>The new device is extremely complete and will greatly modernize imaging, plus a subscription to the manufacturer&#039;s ongoing software development is included.<\/p>\n<\/div>\n\n\n\n<div class=\"wp-block-column is-layout-flow wp-block-column-is-layout-flow\">\n<figure class=\"wp-block-image size-large\"><img decoding=\"async\" width=\"1024\" height=\"771\" src=\"https:\/\/hvest.is\/wp-content\/uploads\/2024\/05\/PXL_20230512_140459042-1024x771.jpg\" alt=\"\" class=\"wp-image-3722\" srcset=\"https:\/\/hvest.is\/wp-content\/uploads\/2024\/05\/PXL_20230512_140459042-16x12.jpg 16w, https:\/\/hvest.is\/wp-content\/uploads\/2024\/05\/PXL_20230512_140459042-200x151.jpg 200w, https:\/\/hvest.is\/wp-content\/uploads\/2024\/05\/PXL_20230512_140459042-300x226.jpg 300w, https:\/\/hvest.is\/wp-content\/uploads\/2024\/05\/PXL_20230512_140459042-400x301.jpg 400w, https:\/\/hvest.is\/wp-content\/uploads\/2024\/05\/PXL_20230512_140459042-600x452.jpg 600w, https:\/\/hvest.is\/wp-content\/uploads\/2024\/05\/PXL_20230512_140459042-768x578.jpg 768w, https:\/\/hvest.is\/wp-content\/uploads\/2024\/05\/PXL_20230512_140459042-800x602.jpg 800w, https:\/\/hvest.is\/wp-content\/uploads\/2024\/05\/PXL_20230512_140459042-1024x771.jpg 1024w, https:\/\/hvest.is\/wp-content\/uploads\/2024\/05\/PXL_20230512_140459042-1200x904.jpg 1200w, https:\/\/hvest.is\/wp-content\/uploads\/2024\/05\/PXL_20230512_140459042-1536x1157.jpg 1536w\" sizes=\"(max-width: 1024px) 100vw, 1024px\" \/><\/figure>\n<\/div>\n<\/div>\n\n\n\n<h3 class=\"wp-block-heading\">Operating room construction completed<\/h3>\n\n\n\n<div class=\"wp-block-columns is-layout-flex wp-container-core-columns-is-layout-9d6595d7 wp-block-columns-is-layout-flex\">\n<div class=\"wp-block-column is-layout-flow wp-block-column-is-layout-flow\">\n<figure class=\"wp-block-image size-large\"><img decoding=\"async\" width=\"1024\" height=\"768\" src=\"https:\/\/hvest.is\/wp-content\/uploads\/2024\/05\/441416389_1480184016244192_3056685067377000342_n-1-1024x768.jpg\" alt=\"\" class=\"wp-image-3724\" srcset=\"https:\/\/hvest.is\/wp-content\/uploads\/2024\/05\/441416389_1480184016244192_3056685067377000342_n-1-16x12.jpg 16w, https:\/\/hvest.is\/wp-content\/uploads\/2024\/05\/441416389_1480184016244192_3056685067377000342_n-1-200x150.jpg 200w, https:\/\/hvest.is\/wp-content\/uploads\/2024\/05\/441416389_1480184016244192_3056685067377000342_n-1-300x225.jpg 300w, https:\/\/hvest.is\/wp-content\/uploads\/2024\/05\/441416389_1480184016244192_3056685067377000342_n-1-400x300.jpg 400w, https:\/\/hvest.is\/wp-content\/uploads\/2024\/05\/441416389_1480184016244192_3056685067377000342_n-1-600x450.jpg 600w, https:\/\/hvest.is\/wp-content\/uploads\/2024\/05\/441416389_1480184016244192_3056685067377000342_n-1-768x576.jpg 768w, https:\/\/hvest.is\/wp-content\/uploads\/2024\/05\/441416389_1480184016244192_3056685067377000342_n-1-800x600.jpg 800w, https:\/\/hvest.is\/wp-content\/uploads\/2024\/05\/441416389_1480184016244192_3056685067377000342_n-1-1024x768.jpg 1024w, https:\/\/hvest.is\/wp-content\/uploads\/2024\/05\/441416389_1480184016244192_3056685067377000342_n-1-1200x900.jpg 1200w, https:\/\/hvest.is\/wp-content\/uploads\/2024\/05\/441416389_1480184016244192_3056685067377000342_n-1-1536x1152.jpg 1536w\" sizes=\"(max-width: 1024px) 100vw, 1024px\" \/><\/figure>\n<\/div>\n\n\n\n<div class=\"wp-block-column is-layout-flow wp-block-column-is-layout-flow\">\n<p>The operating room was closed from May 23 \u2013 June 19 in order to complete construction that began many seasons ago but had been delayed due to, among other things, disruptions in supply chains and uncertainty due to the pandemic. During this closure, maternity services could not be maintained and all surgical services had to be moved to other hospitals in the meantime.<\/p>\n\n\n\n<p>Now the emergency department, operating room, recovery and staff facilities are all more modern.<\/p>\n<\/div>\n<\/div>\n\n\n\n<h3 class=\"wp-block-heading\">Management course<\/h3>\n\n\n\n<p>Every organization&#039;s human capital is extremely valuable, and continuing education, education and training are an important part of the organization&#039;s staffing. Many employees attended various courses, training and conferences, but the most important thing to mention is that the educational and training company Kvan was hired for manager leadership training. About 25 managers participated, focusing on strengths, leadership, coaching, teamwork, morale, culture and more. Managers received practical tools that are useful to them in their work and there was great satisfaction among managers with these courses. With this, we want to support managers and build a strong and cohesive team.<\/p>\n\n\n\n<figure class=\"wp-block-image size-large\"><img decoding=\"async\" width=\"1024\" height=\"771\" src=\"https:\/\/hvest.is\/wp-content\/uploads\/2024\/05\/PXL_20230912_142324342.MP_-1024x771.jpg\" alt=\"\" class=\"wp-image-3725\" srcset=\"https:\/\/hvest.is\/wp-content\/uploads\/2024\/05\/PXL_20230912_142324342.MP_-16x12.jpg 16w, https:\/\/hvest.is\/wp-content\/uploads\/2024\/05\/PXL_20230912_142324342.MP_-200x151.jpg 200w, https:\/\/hvest.is\/wp-content\/uploads\/2024\/05\/PXL_20230912_142324342.MP_-300x226.jpg 300w, https:\/\/hvest.is\/wp-content\/uploads\/2024\/05\/PXL_20230912_142324342.MP_-400x301.jpg 400w, https:\/\/hvest.is\/wp-content\/uploads\/2024\/05\/PXL_20230912_142324342.MP_-600x452.jpg 600w, https:\/\/hvest.is\/wp-content\/uploads\/2024\/05\/PXL_20230912_142324342.MP_-768x578.jpg 768w, https:\/\/hvest.is\/wp-content\/uploads\/2024\/05\/PXL_20230912_142324342.MP_-800x602.jpg 800w, https:\/\/hvest.is\/wp-content\/uploads\/2024\/05\/PXL_20230912_142324342.MP_-1024x771.jpg 1024w, https:\/\/hvest.is\/wp-content\/uploads\/2024\/05\/PXL_20230912_142324342.MP_-1200x904.jpg 1200w, https:\/\/hvest.is\/wp-content\/uploads\/2024\/05\/PXL_20230912_142324342.MP_-1536x1157.jpg 1536w\" sizes=\"(max-width: 1024px) 100vw, 1024px\" \/><\/figure>\n\n\n\n<p><em>Part of the management in September 2023. From left: Svala Bj\u00f6rk Einarsd\u00f3ttir, Gestur El\u00edasson, S\u00fasanna Bj\u00f6rg \u00c1stvaldsd\u00f3ttir, Sigurgeir Sigurgeirsson, Ursula Siegle, Krist\u00edn Greta Bjarnad\u00f3ttir, Hildur El\u00edsabet P\u00e9tursd\u00f3ttir, \u00de\u00f3runn P\u00e1lsd\u00f3ttir, Hanna \u00de\u00f3ra Hauksd\u00f3ttir, Sigr\u00ed\u00f0ur L\u00e1ra Gunnlaugsd\u00f3ttir, Gylfi \u00d3lafsson, Au\u00f0ur D\u00f3ra. Franklin, Au\u00f0ur Helga \u00d3lafsd\u00f3ttir, Hei\u00f0a Bj\u00f6rk \u00d3lafsd\u00f3ttir, Rannveig Bj\u00f6rnsd\u00f3ttir and El\u00edsabet Sam\u00faelsd\u00f3ttir.<\/em><\/p>\n\n\n\n<h3 class=\"wp-block-heading\">Strategy of the Vestfj\u00f6r\u00f0ur Health Foundation 2020\u201323<\/h3>\n\n\n\n<p>In 2020, a lot of strategic work was done for the organization. The strategy has been important in the development of the business. It was decided that the organization&#039;s values chosen by employees 20 years earlier were still in full force; &quot;Respect - Cooperation - Trust - Positivity&quot; Work on the new strategy will begin in the autumn months.<\/p>\n\n\n\n<h3 class=\"wp-block-heading\">Welfare technology<\/h3>\n\n\n\n<p>In 2023, the agency implemented the Evondos drug dispenser. Medicine dispensers are a revolutionary welfare technology that is particularly useful in telehealth services. Evondos is an automatic medicine dispenser and is suitable for people who live at home but need daily or more frequent help and follow-up when taking medicine. Their introduction supports people&#039;s independent and longer residence in their own homes, improves the quality of services and ensures that individuals are given safe and correct medication at the appointed time. Conventional medicine rolls are placed in the medicine dispenser and the device reads the information on each medicine bag and dispenses the right medicine at the right time. Six medicine dispensers were put into use. Home nursing selects those clients who could possibly use the medicine dispensers according to certain instructions, keeping the skills and abilities of their clients in mind. The medicine dispensers are very promising and staff as well as clients are happy with this addition to the service.<\/p>\n\n\n\n<h3 class=\"wp-block-heading\">Contingency plan and flight accident drill at B\u00edldudals airport<\/h3>\n\n\n\n<div class=\"wp-block-columns is-layout-flex wp-container-core-columns-is-layout-9d6595d7 wp-block-columns-is-layout-flex\">\n<div class=\"wp-block-column is-layout-flow wp-block-column-is-layout-flow\">\n<p>In April, a plane crash exercise was held at B\u00edldudals airport, organized by Isavia. The aim of such exercises is to maintain and sharpen the response when necessary and to coordinate the responders in the area. Rescue teams, the fire brigade, ambulance personnel, police, the Red Cross, the Vestfj\u00f6r\u00f0ur Health Center and Isavia participated in the exercise. A total of 80 people participated in the exercise and it went well. There was a good rhythm in the cooperation of all responders. Exercises of this type are for calling out problems and looking at what can be done better.<\/p>\n\n\n\n<p>The agency&#039;s first response plan for the southern region was subsequently completed. The plan must take into account the staffing and infrastructure available in the area.<\/p>\n<\/div>\n\n\n\n<div class=\"wp-block-column is-layout-flow wp-block-column-is-layout-flow\">\n<figure class=\"wp-block-image size-full\"><img decoding=\"async\" width=\"940\" height=\"627\" src=\"https:\/\/hvest.is\/wp-content\/uploads\/2024\/05\/image.png\" alt=\"\" class=\"wp-image-3726\" srcset=\"https:\/\/hvest.is\/wp-content\/uploads\/2024\/05\/image-18x12.png 18w, https:\/\/hvest.is\/wp-content\/uploads\/2024\/05\/image-200x133.png 200w, https:\/\/hvest.is\/wp-content\/uploads\/2024\/05\/image-300x200.png 300w, https:\/\/hvest.is\/wp-content\/uploads\/2024\/05\/image-400x267.png 400w, https:\/\/hvest.is\/wp-content\/uploads\/2024\/05\/image-600x400.png 600w, https:\/\/hvest.is\/wp-content\/uploads\/2024\/05\/image-768x512.png 768w, https:\/\/hvest.is\/wp-content\/uploads\/2024\/05\/image-800x534.png 800w, https:\/\/hvest.is\/wp-content\/uploads\/2024\/05\/image.png 940w\" sizes=\"(max-width: 940px) 100vw, 940px\" \/><\/figure>\n<\/div>\n<\/div>\n\n\n\n<h3 class=\"wp-block-heading\">Agreement on the services of specialized personnel in health care<\/h3>\n\n\n\n<div class=\"wp-block-columns is-layout-flex wp-container-core-columns-is-layout-9d6595d7 wp-block-columns-is-layout-flex\">\n<div class=\"wp-block-column is-layout-flow wp-block-column-is-layout-flow\">\n<figure class=\"wp-block-image size-full\"><img decoding=\"async\" width=\"940\" height=\"627\" src=\"https:\/\/hvest.is\/wp-content\/uploads\/2024\/05\/image-2.png\" alt=\"\" class=\"wp-image-3731\" srcset=\"https:\/\/hvest.is\/wp-content\/uploads\/2024\/05\/image-2-18x12.png 18w, https:\/\/hvest.is\/wp-content\/uploads\/2024\/05\/image-2-200x133.png 200w, https:\/\/hvest.is\/wp-content\/uploads\/2024\/05\/image-2-300x200.png 300w, https:\/\/hvest.is\/wp-content\/uploads\/2024\/05\/image-2-400x267.png 400w, https:\/\/hvest.is\/wp-content\/uploads\/2024\/05\/image-2-600x400.png 600w, https:\/\/hvest.is\/wp-content\/uploads\/2024\/05\/image-2-768x512.png 768w, https:\/\/hvest.is\/wp-content\/uploads\/2024\/05\/image-2-800x534.png 800w, https:\/\/hvest.is\/wp-content\/uploads\/2024\/05\/image-2.png 940w\" sizes=\"(max-width: 940px) 100vw, 940px\" \/><\/figure>\n<\/div>\n\n\n\n<div class=\"wp-block-column is-layout-flow wp-block-column-is-layout-flow\">\n<p>An agreement to ensure the necessary staffing of specialized hospital staff in the health districts of Vestfj\u00f6r\u00f0ur and Austurland was signed by the Ministry of Health in December. There, the CEOs of the respective institutions, together with the Minister of Health, signed the agreement. The agreement is part of an increased emphasis on the integration of the healthcare system across institutions.<\/p>\n<\/div>\n<\/div>\n\n\n\n<h3 class=\"wp-block-heading\">Good employees, goodbye and thanks for the good work<\/h3>\n\n\n\n<p>In 2023, we thanked five employees who were retiring due to age for their good work for the benefit of the organization and its clients. They have all worked for us for a long time, the longest being over 40 years. We have been extremely lucky to have benefited from their work force all these years and we thank them very much.<br>They were Halld\u00f3ra Magn\u00fasd\u00f3ttir, a paramedic, J\u00f3hanna Gu\u00f0r\u00fan \u00de\u00f3r\u00f0ard\u00f3ttir, a paramedic, J\u00f3hann Kr\u00f3knes Torfason, a purchasing manager, \u00de\u00f3ra Hansd\u00f3ttir, a social worker, and Anna Krist\u00edn \u00c1sgeirsd\u00f3ttir, a biomedical scientist.<\/p>\n\n\n\n<div class=\"wp-block-columns is-layout-flex wp-container-core-columns-is-layout-9d6595d7 wp-block-columns-is-layout-flex\">\n<div class=\"wp-block-column is-layout-flow wp-block-column-is-layout-flow\" style=\"flex-basis:66.66%\">\n<figure class=\"wp-block-image size-large\"><img decoding=\"async\" width=\"1024\" height=\"768\" src=\"https:\/\/hvest.is\/wp-content\/uploads\/2024\/05\/445589005_346226115231081_8868263468647086287_n-1024x768.jpg\" alt=\"\" class=\"wp-image-3737\" srcset=\"https:\/\/hvest.is\/wp-content\/uploads\/2024\/05\/445589005_346226115231081_8868263468647086287_n-16x12.jpg 16w, https:\/\/hvest.is\/wp-content\/uploads\/2024\/05\/445589005_346226115231081_8868263468647086287_n-200x150.jpg 200w, https:\/\/hvest.is\/wp-content\/uploads\/2024\/05\/445589005_346226115231081_8868263468647086287_n-300x225.jpg 300w, https:\/\/hvest.is\/wp-content\/uploads\/2024\/05\/445589005_346226115231081_8868263468647086287_n-400x300.jpg 400w, https:\/\/hvest.is\/wp-content\/uploads\/2024\/05\/445589005_346226115231081_8868263468647086287_n-600x450.jpg 600w, https:\/\/hvest.is\/wp-content\/uploads\/2024\/05\/445589005_346226115231081_8868263468647086287_n-768x576.jpg 768w, https:\/\/hvest.is\/wp-content\/uploads\/2024\/05\/445589005_346226115231081_8868263468647086287_n-800x600.jpg 800w, https:\/\/hvest.is\/wp-content\/uploads\/2024\/05\/445589005_346226115231081_8868263468647086287_n-1024x768.jpg 1024w, https:\/\/hvest.is\/wp-content\/uploads\/2024\/05\/445589005_346226115231081_8868263468647086287_n-1200x900.jpg 1200w, https:\/\/hvest.is\/wp-content\/uploads\/2024\/05\/445589005_346226115231081_8868263468647086287_n-1536x1152.jpg 1536w\" sizes=\"(max-width: 1024px) 100vw, 1024px\" \/><\/figure>\n\n\n\n<p><em>From left: J\u00f3hann Kr\u00f3knes Torfason, \u00de\u00f3ra Hansd\u00f3ttir, J\u00f3hanna Gu\u00f0r\u00fan \u00de\u00f3r\u00f0ard\u00f3ttir, Halld\u00f3ra Magn\u00fasd\u00f3ttir and Gylfi \u00d3lafsson.<\/em><\/p>\n<\/div>\n\n\n\n<div class=\"wp-block-column is-layout-flow wp-block-column-is-layout-flow\" style=\"flex-basis:33.33%\">\n<figure class=\"wp-block-image size-full\"><img decoding=\"async\" width=\"485\" height=\"647\" src=\"https:\/\/hvest.is\/wp-content\/uploads\/2024\/05\/image-4.png\" alt=\"\" class=\"wp-image-3741\" srcset=\"https:\/\/hvest.is\/wp-content\/uploads\/2024\/05\/image-4-9x12.png 9w, https:\/\/hvest.is\/wp-content\/uploads\/2024\/05\/image-4-200x267.png 200w, https:\/\/hvest.is\/wp-content\/uploads\/2024\/05\/image-4-225x300.png 225w, https:\/\/hvest.is\/wp-content\/uploads\/2024\/05\/image-4-400x534.png 400w, https:\/\/hvest.is\/wp-content\/uploads\/2024\/05\/image-4.png 485w\" sizes=\"(max-width: 485px) 100vw, 485px\" \/><\/figure>\n\n\n\n<p><em>From left: Anna Krist\u00edn \u00c1sgeirsd\u00f3ttir and Hildur El\u00edsabet P\u00e9tursd\u00f3ttir<\/em><\/p>\n<\/div>\n<\/div>\n\n\n\n<h3 class=\"wp-block-heading\">Seventy in special education doctors visiting \u00cdsafj\u00f6r\u00f0ur<\/h3>\n\n\n\n<p>In May, about 70 students in a special program in family medicine came on a study and familiarization trip to \u00cdsafj\u00f6r\u00f0ur.<br>The study day included micro-courses in minor surgery, orthopaedics, ultrasound, joint replacements and health care in the Westfjords. In addition, the goal of the trip was for the group to get to know each other, but the specialist doctors work all over the country, including one in \u00cdsafj\u00f6r\u00f0ur. There has been a large increase in the number of students in special studies in family medicine in recent years, and there is no shortage of them.<\/p>\n\n\n\n<figure class=\"wp-block-image size-full\"><img decoding=\"async\" width=\"940\" height=\"627\" src=\"https:\/\/hvest.is\/wp-content\/uploads\/2024\/05\/image-3.png\" alt=\"\" class=\"wp-image-3732\" srcset=\"https:\/\/hvest.is\/wp-content\/uploads\/2024\/05\/image-3-18x12.png 18w, https:\/\/hvest.is\/wp-content\/uploads\/2024\/05\/image-3-200x133.png 200w, https:\/\/hvest.is\/wp-content\/uploads\/2024\/05\/image-3-300x200.png 300w, https:\/\/hvest.is\/wp-content\/uploads\/2024\/05\/image-3-400x267.png 400w, https:\/\/hvest.is\/wp-content\/uploads\/2024\/05\/image-3-600x400.png 600w, https:\/\/hvest.is\/wp-content\/uploads\/2024\/05\/image-3-768x512.png 768w, https:\/\/hvest.is\/wp-content\/uploads\/2024\/05\/image-3-800x534.png 800w, https:\/\/hvest.is\/wp-content\/uploads\/2024\/05\/image-3.png 940w\" sizes=\"(max-width: 940px) 100vw, 940px\" \/><\/figure>\n\n\n\n<p><em>In the attached photo, the group is at the old hospital in \u00cdsafj\u00f6r\u00f0ur. In the middle is El\u00ednborg B\u00e1r\u00f0ard\u00f3ttir, the teaching director.<\/em><\/p>\n\n\n\n<h3 class=\"wp-block-heading\">Executive Committee 2023<\/h3>\n\n\n\n<figure class=\"wp-block-gallery has-nested-images columns-4 is-cropped wp-block-gallery-2 is-layout-flex wp-block-gallery-is-layout-flex\">\n<figure class=\"wp-block-image size-large\"><img decoding=\"async\" width=\"1024\" height=\"683\" data-id=\"2885\" src=\"https:\/\/hvest.is\/wp-content\/uploads\/2022\/08\/Gylfi-Olafsson-2022-1024x683.jpg\" alt=\"\" class=\"wp-image-2885\" srcset=\"https:\/\/hvest.is\/wp-content\/uploads\/2022\/08\/Gylfi-Olafsson-2022-200x133.jpg 200w, https:\/\/hvest.is\/wp-content\/uploads\/2022\/08\/Gylfi-Olafsson-2022-300x200.jpg 300w, https:\/\/hvest.is\/wp-content\/uploads\/2022\/08\/Gylfi-Olafsson-2022-400x267.jpg 400w, https:\/\/hvest.is\/wp-content\/uploads\/2022\/08\/Gylfi-Olafsson-2022-600x400.jpg 600w, https:\/\/hvest.is\/wp-content\/uploads\/2022\/08\/Gylfi-Olafsson-2022-768x512.jpg 768w, https:\/\/hvest.is\/wp-content\/uploads\/2022\/08\/Gylfi-Olafsson-2022-800x534.jpg 800w, https:\/\/hvest.is\/wp-content\/uploads\/2022\/08\/Gylfi-Olafsson-2022-1024x683.jpg 1024w, https:\/\/hvest.is\/wp-content\/uploads\/2022\/08\/Gylfi-Olafsson-2022-1200x800.jpg 1200w, https:\/\/hvest.is\/wp-content\/uploads\/2022\/08\/Gylfi-Olafsson-2022-1536x1025.jpg 1536w\" sizes=\"(max-width: 1024px) 100vw, 1024px\" \/><figcaption class=\"wp-element-caption\">Gylfi \u00d3lafsson CEO until October 16<\/figcaption><\/figure>\n\n\n\n<figure class=\"wp-block-image size-large\"><img decoding=\"async\" width=\"1024\" height=\"683\" data-id=\"2901\" src=\"https:\/\/hvest.is\/wp-content\/uploads\/2022\/08\/Hildur-Elisabet-Petursdottir-2022-1024x683.jpg\" alt=\"\" class=\"wp-image-2901\" srcset=\"https:\/\/hvest.is\/wp-content\/uploads\/2022\/08\/Hildur-Elisabet-Petursdottir-2022-200x133.jpg 200w, https:\/\/hvest.is\/wp-content\/uploads\/2022\/08\/Hildur-Elisabet-Petursdottir-2022-300x200.jpg 300w, https:\/\/hvest.is\/wp-content\/uploads\/2022\/08\/Hildur-Elisabet-Petursdottir-2022-400x267.jpg 400w, https:\/\/hvest.is\/wp-content\/uploads\/2022\/08\/Hildur-Elisabet-Petursdottir-2022-600x400.jpg 600w, https:\/\/hvest.is\/wp-content\/uploads\/2022\/08\/Hildur-Elisabet-Petursdottir-2022-768x512.jpg 768w, https:\/\/hvest.is\/wp-content\/uploads\/2022\/08\/Hildur-Elisabet-Petursdottir-2022-800x534.jpg 800w, https:\/\/hvest.is\/wp-content\/uploads\/2022\/08\/Hildur-Elisabet-Petursdottir-2022-1024x683.jpg 1024w, https:\/\/hvest.is\/wp-content\/uploads\/2022\/08\/Hildur-Elisabet-Petursdottir-2022-1200x800.jpg 1200w, https:\/\/hvest.is\/wp-content\/uploads\/2022\/08\/Hildur-Elisabet-Petursdottir-2022-1536x1025.jpg 1536w\" sizes=\"(max-width: 1024px) 100vw, 1024px\" \/><figcaption class=\"wp-element-caption\">Hildur El\u00edsabet P\u00e9tursd\u00f3ttir manager of nursing and CEO from October 16<\/figcaption><\/figure>\n\n\n\n<figure class=\"wp-block-image size-large\"><img decoding=\"async\" width=\"1024\" height=\"683\" data-id=\"2890\" src=\"https:\/\/hvest.is\/wp-content\/uploads\/2022\/08\/Rannveig-i-lit-1024x683.jpeg\" alt=\"\" class=\"wp-image-2890\" srcset=\"https:\/\/hvest.is\/wp-content\/uploads\/2022\/08\/Rannveig-i-lit-200x133.jpeg 200w, https:\/\/hvest.is\/wp-content\/uploads\/2022\/08\/Rannveig-i-lit-300x200.jpeg 300w, https:\/\/hvest.is\/wp-content\/uploads\/2022\/08\/Rannveig-i-lit-400x267.jpeg 400w, https:\/\/hvest.is\/wp-content\/uploads\/2022\/08\/Rannveig-i-lit-600x400.jpeg 600w, https:\/\/hvest.is\/wp-content\/uploads\/2022\/08\/Rannveig-i-lit-768x512.jpeg 768w, https:\/\/hvest.is\/wp-content\/uploads\/2022\/08\/Rannveig-i-lit-800x534.jpeg 800w, https:\/\/hvest.is\/wp-content\/uploads\/2022\/08\/Rannveig-i-lit-1024x683.jpeg 1024w, https:\/\/hvest.is\/wp-content\/uploads\/2022\/08\/Rannveig-i-lit-1200x800.jpeg 1200w, https:\/\/hvest.is\/wp-content\/uploads\/2022\/08\/Rannveig-i-lit-1536x1025.jpeg 1536w\" sizes=\"(max-width: 1024px) 100vw, 1024px\" \/><figcaption class=\"wp-element-caption\">Rannveig Bj\u00f6rnsd\u00f3ttir Director of Nursing from October 16<\/figcaption><\/figure>\n\n\n\n<figure class=\"wp-block-image size-large\"><img decoding=\"async\" width=\"1024\" height=\"683\" data-id=\"2894\" src=\"https:\/\/hvest.is\/wp-content\/uploads\/2022\/08\/Susanna-Astvaldsdottir-2022-1024x683.jpg\" alt=\"\" class=\"wp-image-2894\" srcset=\"https:\/\/hvest.is\/wp-content\/uploads\/2022\/08\/Susanna-Astvaldsdottir-2022-200x133.jpg 200w, https:\/\/hvest.is\/wp-content\/uploads\/2022\/08\/Susanna-Astvaldsdottir-2022-300x200.jpg 300w, https:\/\/hvest.is\/wp-content\/uploads\/2022\/08\/Susanna-Astvaldsdottir-2022-400x267.jpg 400w, https:\/\/hvest.is\/wp-content\/uploads\/2022\/08\/Susanna-Astvaldsdottir-2022-600x400.jpg 600w, https:\/\/hvest.is\/wp-content\/uploads\/2022\/08\/Susanna-Astvaldsdottir-2022-768x512.jpg 768w, https:\/\/hvest.is\/wp-content\/uploads\/2022\/08\/Susanna-Astvaldsdottir-2022-800x534.jpg 800w, https:\/\/hvest.is\/wp-content\/uploads\/2022\/08\/Susanna-Astvaldsdottir-2022-1024x683.jpg 1024w, https:\/\/hvest.is\/wp-content\/uploads\/2022\/08\/Susanna-Astvaldsdottir-2022-1200x800.jpg 1200w, https:\/\/hvest.is\/wp-content\/uploads\/2022\/08\/Susanna-Astvaldsdottir-2022-1536x1025.jpg 1536w\" sizes=\"(max-width: 1024px) 100vw, 1024px\" \/><figcaption class=\"wp-element-caption\">S\u00fasanna Bj\u00f6rg \u00c1stvaldsd\u00f3ttir medical manager<\/figcaption><\/figure>\n\n\n\n<figure class=\"wp-block-image size-large\"><img decoding=\"async\" width=\"1024\" height=\"683\" data-id=\"2886\" src=\"https:\/\/hvest.is\/wp-content\/uploads\/2022\/08\/Hanna-THora-Hauksdottir-2022-1024x683.jpg\" alt=\"\" class=\"wp-image-2886\" srcset=\"https:\/\/hvest.is\/wp-content\/uploads\/2022\/08\/Hanna-THora-Hauksdottir-2022-200x133.jpg 200w, https:\/\/hvest.is\/wp-content\/uploads\/2022\/08\/Hanna-THora-Hauksdottir-2022-300x200.jpg 300w, https:\/\/hvest.is\/wp-content\/uploads\/2022\/08\/Hanna-THora-Hauksdottir-2022-400x267.jpg 400w, https:\/\/hvest.is\/wp-content\/uploads\/2022\/08\/Hanna-THora-Hauksdottir-2022-600x400.jpg 600w, https:\/\/hvest.is\/wp-content\/uploads\/2022\/08\/Hanna-THora-Hauksdottir-2022-768x512.jpg 768w, https:\/\/hvest.is\/wp-content\/uploads\/2022\/08\/Hanna-THora-Hauksdottir-2022-800x534.jpg 800w, https:\/\/hvest.is\/wp-content\/uploads\/2022\/08\/Hanna-THora-Hauksdottir-2022-1024x683.jpg 1024w, https:\/\/hvest.is\/wp-content\/uploads\/2022\/08\/Hanna-THora-Hauksdottir-2022-1200x800.jpg 1200w, https:\/\/hvest.is\/wp-content\/uploads\/2022\/08\/Hanna-THora-Hauksdottir-2022-1536x1025.jpg 1536w\" sizes=\"(max-width: 1024px) 100vw, 1024px\" \/><figcaption class=\"wp-element-caption\">Hanna \u00de\u00f3ra Hauksd\u00f3ttir Human Resources Manager<\/figcaption><\/figure>\n\n\n\n<figure class=\"wp-block-image size-large\"><img decoding=\"async\" width=\"1024\" height=\"683\" data-id=\"3216\" src=\"https:\/\/hvest.is\/wp-content\/uploads\/2023\/03\/Bubba-i-lit-1024x683.jpeg\" alt=\"\" class=\"wp-image-3216\" srcset=\"https:\/\/hvest.is\/wp-content\/uploads\/2023\/03\/Bubba-i-lit-18x12.jpeg 18w, https:\/\/hvest.is\/wp-content\/uploads\/2023\/03\/Bubba-i-lit-200x133.jpeg 200w, https:\/\/hvest.is\/wp-content\/uploads\/2023\/03\/Bubba-i-lit-300x200.jpeg 300w, https:\/\/hvest.is\/wp-content\/uploads\/2023\/03\/Bubba-i-lit-400x267.jpeg 400w, https:\/\/hvest.is\/wp-content\/uploads\/2023\/03\/Bubba-i-lit-600x400.jpeg 600w, https:\/\/hvest.is\/wp-content\/uploads\/2023\/03\/Bubba-i-lit-768x512.jpeg 768w, https:\/\/hvest.is\/wp-content\/uploads\/2023\/03\/Bubba-i-lit-800x534.jpeg 800w, https:\/\/hvest.is\/wp-content\/uploads\/2023\/03\/Bubba-i-lit-1024x683.jpeg 1024w, https:\/\/hvest.is\/wp-content\/uploads\/2023\/03\/Bubba-i-lit-1200x800.jpeg 1200w, https:\/\/hvest.is\/wp-content\/uploads\/2023\/03\/Bubba-i-lit-1536x1025.jpeg 1536w\" sizes=\"(max-width: 1024px) 100vw, 1024px\" \/><figcaption class=\"wp-element-caption\">El\u00edsabet Sam\u00faelsd\u00f3ttir CFO<\/figcaption><\/figure>\n\n\n\n<figure class=\"wp-block-image size-large\"><img decoding=\"async\" width=\"1334\" height=\"1001\" data-id=\"3730\" src=\"https:\/\/hvest.is\/wp-content\/uploads\/2024\/05\/Gerdur-i-lit-edited.jpeg\" alt=\"\" class=\"wp-image-3730\" srcset=\"https:\/\/hvest.is\/wp-content\/uploads\/2024\/05\/Gerdur-i-lit-edited-16x12.jpeg 16w, https:\/\/hvest.is\/wp-content\/uploads\/2024\/05\/Gerdur-i-lit-edited-200x150.jpeg 200w, https:\/\/hvest.is\/wp-content\/uploads\/2024\/05\/Gerdur-i-lit-edited-300x225.jpeg 300w, https:\/\/hvest.is\/wp-content\/uploads\/2024\/05\/Gerdur-i-lit-edited-400x300.jpeg 400w, https:\/\/hvest.is\/wp-content\/uploads\/2024\/05\/Gerdur-i-lit-edited-600x450.jpeg 600w, https:\/\/hvest.is\/wp-content\/uploads\/2024\/05\/Gerdur-i-lit-edited-768x576.jpeg 768w, https:\/\/hvest.is\/wp-content\/uploads\/2024\/05\/Gerdur-i-lit-edited-800x600.jpeg 800w, https:\/\/hvest.is\/wp-content\/uploads\/2024\/05\/Gerdur-i-lit-edited-1024x768.jpeg 1024w, https:\/\/hvest.is\/wp-content\/uploads\/2024\/05\/Gerdur-i-lit-edited-1200x900.jpeg 1200w, https:\/\/hvest.is\/wp-content\/uploads\/2024\/05\/Gerdur-i-lit-edited.jpeg 1334w\" sizes=\"(max-width: 1334px) 100vw, 1334px\" \/><figcaption class=\"wp-element-caption\">Made R\u00e1n Freysd\u00f3ttir head of nursing at Patreksfj\u00f6r\u00f0ur until May<\/figcaption><\/figure>\n\n\n\n<figure class=\"wp-block-image size-large\"><img decoding=\"async\" width=\"741\" height=\"741\" data-id=\"3445\" src=\"https:\/\/hvest.is\/wp-content\/uploads\/2023\/09\/377115262_854549596047875_944175093884305048_n.jpg\" alt=\"\" class=\"wp-image-3445\" srcset=\"https:\/\/hvest.is\/wp-content\/uploads\/2023\/09\/377115262_854549596047875_944175093884305048_n-12x12.jpg 12w, https:\/\/hvest.is\/wp-content\/uploads\/2023\/09\/377115262_854549596047875_944175093884305048_n-66x66.jpg 66w, https:\/\/hvest.is\/wp-content\/uploads\/2023\/09\/377115262_854549596047875_944175093884305048_n-150x150.jpg 150w, https:\/\/hvest.is\/wp-content\/uploads\/2023\/09\/377115262_854549596047875_944175093884305048_n-200x200.jpg 200w, https:\/\/hvest.is\/wp-content\/uploads\/2023\/09\/377115262_854549596047875_944175093884305048_n-300x300.jpg 300w, https:\/\/hvest.is\/wp-content\/uploads\/2023\/09\/377115262_854549596047875_944175093884305048_n-400x400.jpg 400w, https:\/\/hvest.is\/wp-content\/uploads\/2023\/09\/377115262_854549596047875_944175093884305048_n-600x600.jpg 600w, https:\/\/hvest.is\/wp-content\/uploads\/2023\/09\/377115262_854549596047875_944175093884305048_n.jpg 741w\" sizes=\"(max-width: 741px) 100vw, 741px\" \/><figcaption class=\"wp-element-caption\">Hrafnhildur \u00d3l\u00f6f \u00d3lafsd\u00f3ttir nursing director at Patreksfj\u00f6r\u00f0ur since May<\/figcaption><\/figure>\n<\/figure>","protected":false},"excerpt":{"rendered":"<p>Address of the appointed CEO Hildar El\u00edsabetar P\u00e9tursd\u00f3ttir The year 2023 was, like the previous year, eventful at the Vestfj\u00f6r\u00f0ur Health Center. The most important thing to mention is that Gylfi \u00d3lafsson, who had been CEO since [...] <a href=\"https:\/\/hvest.is\/en\/arsskyrsla-2023\/\">More \u203a<\/a><\/p>","protected":false},"author":8,"featured_media":0,"parent":0,"menu_order":0,"comment_status":"closed","ping_status":"closed","template":"","meta":{"_lmt_disableupdate":"","_lmt_disable":"","cybocfi_hide_featured_image":"","footnotes":""},"class_list":["post-3721","page","type-page","status-publish","hentry"],"_links":{"self":[{"href":"https:\/\/hvest.is\/en\/wp-json\/wp\/v2\/pages\/3721","targetHints":{"allow":["GET"]}}],"collection":[{"href":"https:\/\/hvest.is\/en\/wp-json\/wp\/v2\/pages"}],"about":[{"href":"https:\/\/hvest.is\/en\/wp-json\/wp\/v2\/types\/page"}],"author":[{"embeddable":true,"href":"https:\/\/hvest.is\/en\/wp-json\/wp\/v2\/users\/8"}],"replies":[{"embeddable":true,"href":"https:\/\/hvest.is\/en\/wp-json\/wp\/v2\/comments?post=3721"}],"version-history":[{"count":0,"href":"https:\/\/hvest.is\/en\/wp-json\/wp\/v2\/pages\/3721\/revisions"}],"wp:attachment":[{"href":"https:\/\/hvest.is\/en\/wp-json\/wp\/v2\/media?parent=3721"}],"curies":[{"name":"wp","href":"https:\/\/api.w.org\/{rel}","templated":true}]}}